{"version":"1.0","provider_name":"Bourdonn\u00e9 Design","provider_url":"https:\/\/bourdonne.de\/fr","author_name":"BOURDONNEDESIGN","author_url":"https:\/\/bourdonne.de\/fr\/author\/bourdonnedesign\/","title":"\u00c9quipement commercial, Fasel & Fasel &ndash; Bourdonn\u00e9 Design","type":"rich","width":600,"height":338,"html":"<blockquote class=\"wp-embedded-content\"><a href=\"https:\/\/bourdonne.de\/fr\/portefeuille\/equipement-commercial-ils-garantissent-que-le-message-passe\/\">\u00c9quipement commercial, Fasel &#038; Fasel<\/a><\/blockquote>\n<script type='text\/javascript'>\n<!--\/\/--><![CDATA[\/\/><!--\n\t\t\/*! This file is auto-generated *\/\n\t\t!function(d,l){\"use strict\";var e=!1,n=!1;if(l.querySelector)if(d.addEventListener)e=!0;if(d.wp=d.wp||{},!d.wp.receiveEmbedMessage)if(d.wp.receiveEmbedMessage=function(e){var t=e.data;if(t)if(t.secret||t.message||t.value)if(!\/[^a-zA-Z0-9]\/.test(t.secret)){for(var r,i,a,s=l.querySelectorAll('iframe[data-secret=\"'+t.secret+'\"]'),n=l.querySelectorAll('blockquote[data-secret=\"'+t.secret+'\"]'),o=new RegExp(\"^https?:$\",\"i\"),c=0;c<n.length;c++)n[c].style.display=\"none\";for(c=0;c<s.length;c++)if(r=s[c],e.source===r.contentWindow){if(r.removeAttribute(\"style\"),\"height\"===t.message){if(1e3<(a=parseInt(t.value,10)))a=1e3;else if(~~a<200)a=200;r.height=a}if(\"link\"===t.message)if(i=l.createElement(\"a\"),a=l.createElement(\"a\"),i.href=r.getAttribute(\"src\"),a.href=t.value,o.test(a.protocol))if(a.host===i.host)if(l.activeElement===r)d.top.location.href=t.value}}},e)d.addEventListener(\"message\",d.wp.receiveEmbedMessage,!1),l.addEventListener(\"DOMContentLoaded\",t,!1),d.addEventListener(\"load\",t,!1);function t(){if(!n){n=!0;for(var e,t,r=-1!==navigator.appVersion.indexOf(\"MSIE 10\"),i=!!navigator.userAgent.match(\/Trident.*rv:11\\.\/),a=l.querySelectorAll(\"iframe.wp-embedded-content\"),s=0;s<a.length;s++){if(!(e=a[s]).getAttribute(\"data-secret\"))t=Math.random().toString(36).substr(2,10),e.src+=\"#?secret=\"+t,e.setAttribute(\"data-secret\",t);if(r||i)(t=e.cloneNode(!0)).removeAttribute(\"security\"),e.parentNode.replaceChild(t,e)}}}}(window,document);\n\/\/--><!]]>\n<\/script><iframe sandbox=\"allow-scripts\" security=\"restricted\" src=\"https:\/\/bourdonne.de\/fr\/portefeuille\/equipement-commercial-ils-garantissent-que-le-message-passe\/embed\/\" width=\"600\" height=\"338\" title=\"\u00ab\u00a0\u00c9quipement commercial, Fasel &#038; Fasel\u00a0\u00bb &#8212; Bourdonn\u00e9 Design\" frameborder=\"0\" marginwidth=\"0\" marginheight=\"0\" scrolling=\"no\" class=\"wp-embedded-content\"><\/iframe>","description":"Deux g\u00e9n\u00e9rations, une passion \u2013 le mot \u00e9crit & parl\u00e9 ou tout simplement Fa\u200dsel & Fa\u200dsel. Nous avons d\u00e9velopp\u00e9 l\u2019\u00e9quipement d\u2019entreprise des deux professionnels de la communication, Christoph Fa\u200dsel et Jonathan Fa\u200dsel. Nous avons int\u00e9gr\u00e9 leur style linguistique \u2013 honn\u00eate, clair, puissant \u2013 dans l\u2019\u00e9quipement de l\u2019entreprise. C\u2019est surtout l\u2019aspect des deux g\u00e9n\u00e9rations, compl\u00e9t\u00e9 par un solide r\u00e9seau de r\u00e9dacteurs et de professionnels des m\u00e9dias, qui a \u00e9t\u00e9 mis en \u00e9vidence. L\u2019esperluette \u00ab & \u00bb est devenue l\u2019\u00e9l\u00e9ment central du design, elle souligne le caract\u00e8re de r\u00e9seau de Fa\u200dsel & Fa\u200dsel & \u2026"}